{"id":7862,"date":"2022-10-26T10:02:12","date_gmt":"2022-10-26T08:02:12","guid":{"rendered":"https:\/\/laccademia.it\/event-l-a-cena-dali-the-dali-dinner\/"},"modified":"2022-10-26T10:02:12","modified_gmt":"2022-10-26T08:02:12","slug":"event-l-a-cena-dali-the-dali-dinner","status":"publish","type":"page","link":"https:\/\/laccademia.it\/en\/event-l-a-cena-dali-the-dali-dinner\/","title":{"rendered":"Event L&#8217; A Cena Dal\u00ec (The Dal\u00ec Dinner)"},"content":{"rendered":"<div class=\"one withsmallpadding ppb_header \" style=\"text-align:left;padding:30px 0 30px 0;\">\n<div class=\"standard_wrapper\">\n<div class=\"page_content_wrapper\">\n<div class=\"inner\">\n<div style=\"margin:auto;width:100%%;\">\n<h2 class=\"ppb_title\" style=\"\"><span class=\"ppb_title_first\">Event<\/span> L&#8217; A Cena Dal\u00ec (The Dal\u00ec Dinner)<\/h2>\n<div class=\"page_header_sep left\"><\/div>\n<\/p>\n<p style=\"text-align: center;\">The recipes of Salvador Dal\u00ec, reinterpreted by chef Filippo Cogliandro with flavors and smells of our Territory.<\/p>\n<p style=\"text-align: center;\"><strong>Location<\/strong>: L\u2019A Gourmet L\u2019Accademia<br \/>\n<strong>Pictures<\/strong>: Franco Raineri<\/p>\n<\/div>\n<\/div>\n<\/div>\n<\/div>\n<\/div>\n<div class=\"one withsmallpadding ppb_header \" style=\"text-align:left;padding:30px 0 30px 0;\">\n<div class=\"standard_wrapper\">\n<div class=\"page_content_wrapper\">\n<div class=\"inner\">\n<div style=\"margin:auto;width:100%%;\">\n<h2 class=\"ppb_title\" style=\"\"><span class=\"ppb_title_first\">Event<\/span> L&#8217; A Cena Dal\u00ec (The Dal\u00ec Dinner)<\/h2>\n<div class=\"page_header_sep left\"><\/div>\n<\/p>\n<p style=\"text-align: center;\">The recipes of Salvador Dal\u00ec, reinterpreted by chef Filippo Cogliandro with flavors and smells of our Territory.<\/p>\n<p style=\"text-align: center;\"><strong>Location<\/strong>: L\u2019A Gourmet L\u2019Accademia<br \/>\n<strong>Pictures<\/strong>: Franco Raineri<\/p>\n<\/div>\n<\/div>\n<\/div>\n<\/div>\n<\/div>\n","protected":false},"excerpt":{"rendered":"<p>Event L&#8217; A Cena Dal\u00ec (The Dal\u00ec Dinner) The recipes of Salvador Dal\u00ec, reinterpreted by chef Filippo Cogliandro with flavors and smells of our Territory. Location: L\u2019A Gourmet L\u2019Accademia Pictures: Franco Raineri Event L&#8217; A Cena Dal\u00ec (The Dal\u00ec Dinner) [&hellip;]<\/p>\n","protected":false},"author":12,"featured_media":7727,"parent":0,"menu_order":0,"comment_status":"closed","ping_status":"closed","template":"","meta":{"footnotes":""},"class_list":["post-7862","page","type-page","status-publish","has-post-thumbnail","hentry"],"yoast_head":"<!-- This site is optimized with the Yoast SEO plugin v25.5 - https:\/\/yoast.com\/wordpress\/plugins\/seo\/ -->\n<title>Event L&#039; A Cena Dal\u00ec (The Dal\u00ec Dinner)<\/title>\n<meta name=\"description\" content=\"Event L&#039; A Cena Dal\u00ec (The Dal\u00ec Dinner) The recipes of Salvador Dal\u00ec, reinterpreted by chef Filippo Cogliandro with flavors and smells of our Territory.\" \/>\n<meta name=\"robots\" content=\"index, follow, max-snippet:-1, max-image-preview:large, max-video-preview:-1\" \/>\n<link rel=\"canonical\" href=\"https:\/\/laccademia.it\/event-l-a-cena-dali-the-dali-dinner\/\" \/>\n<meta property=\"og:locale\" content=\"en_US\" \/>\n<meta property=\"og:type\" content=\"article\" \/>\n<meta property=\"og:title\" content=\"Event L&#039; A Cena Dal\u00ec (The Dal\u00ec Dinner)\" \/>\n<meta property=\"og:description\" content=\"Event L&#039; A Cena Dal\u00ec (The Dal\u00ec Dinner) The recipes of Salvador Dal\u00ec, reinterpreted by chef Filippo Cogliandro with flavors and smells of our Territory.\" \/>\n<meta property=\"og:url\" content=\"https:\/\/laccademia.it\/event-l-a-cena-dali-the-dali-dinner\/\" \/>\n<meta property=\"og:site_name\" content=\"L&#039;A Gourmet L&#039;Accademia\" \/>\n<meta property=\"article:publisher\" content=\"https:\/\/www.facebook.com\/lagourmet.laccademia\" \/>\n<meta property=\"og:image\" content=\"https:\/\/laccademia.it\/wp-content\/uploads\/2021\/05\/a-gourmet.jpg\" \/>\n\t<meta property=\"og:image:width\" content=\"1200\" \/>\n\t<meta property=\"og:image:height\" content=\"581\" \/>\n\t<meta property=\"og:image:type\" content=\"image\/jpeg\" \/>\n<meta name=\"twitter:card\" content=\"summary_large_image\" \/>\n<meta name=\"twitter:site\" content=\"@f_cogliandro\" \/>\n<script type=\"application\/ld+json\" class=\"yoast-schema-graph\">{\"@context\":\"https:\/\/schema.org\",\"@graph\":[{\"@type\":\"WebPage\",\"@id\":\"https:\/\/laccademia.it\/event-l-a-cena-dali-the-dali-dinner\/\",\"url\":\"https:\/\/laccademia.it\/event-l-a-cena-dali-the-dali-dinner\/\",\"name\":\"Event L' A Cena Dal\u00ec (The Dal\u00ec Dinner)\",\"isPartOf\":{\"@id\":\"https:\/\/laccademia.it\/#website\"},\"primaryImageOfPage\":{\"@id\":\"https:\/\/laccademia.it\/event-l-a-cena-dali-the-dali-dinner\/#primaryimage\"},\"image\":{\"@id\":\"https:\/\/laccademia.it\/event-l-a-cena-dali-the-dali-dinner\/#primaryimage\"},\"thumbnailUrl\":\"https:\/\/laccademia.it\/wp-content\/uploads\/2021\/01\/spaghetti-pomodorini.jpg\",\"datePublished\":\"2022-10-26T08:02:12+00:00\",\"description\":\"Event L' A Cena Dal\u00ec (The Dal\u00ec Dinner) The recipes of Salvador Dal\u00ec, reinterpreted by chef Filippo Cogliandro with flavors and smells of our Territory.\",\"breadcrumb\":{\"@id\":\"https:\/\/laccademia.it\/event-l-a-cena-dali-the-dali-dinner\/#breadcrumb\"},\"inLanguage\":\"en-US\",\"potentialAction\":[{\"@type\":\"ReadAction\",\"target\":[\"https:\/\/laccademia.it\/event-l-a-cena-dali-the-dali-dinner\/\"]}]},{\"@type\":\"ImageObject\",\"inLanguage\":\"en-US\",\"@id\":\"https:\/\/laccademia.it\/event-l-a-cena-dali-the-dali-dinner\/#primaryimage\",\"url\":\"https:\/\/laccademia.it\/wp-content\/uploads\/2021\/01\/spaghetti-pomodorini.jpg\",\"contentUrl\":\"https:\/\/laccademia.it\/wp-content\/uploads\/2021\/01\/spaghetti-pomodorini.jpg\",\"width\":1440,\"height\":960},{\"@type\":\"BreadcrumbList\",\"@id\":\"https:\/\/laccademia.it\/event-l-a-cena-dali-the-dali-dinner\/#breadcrumb\",\"itemListElement\":[{\"@type\":\"ListItem\",\"position\":1,\"name\":\"Home\",\"item\":\"https:\/\/laccademia.it\/en\/\"},{\"@type\":\"ListItem\",\"position\":2,\"name\":\"Event L&#8217; A Cena Dal\u00ec (The Dal\u00ec Dinner)\"}]},{\"@type\":\"WebSite\",\"@id\":\"https:\/\/laccademia.it\/#website\",\"url\":\"https:\/\/laccademia.it\/\",\"name\":\"L&#039;A Gourmet L&#039;Accademia\",\"description\":\"\",\"publisher\":{\"@id\":\"https:\/\/laccademia.it\/#organization\"},\"potentialAction\":[{\"@type\":\"SearchAction\",\"target\":{\"@type\":\"EntryPoint\",\"urlTemplate\":\"https:\/\/laccademia.it\/?s={search_term_string}\"},\"query-input\":{\"@type\":\"PropertyValueSpecification\",\"valueRequired\":true,\"valueName\":\"search_term_string\"}}],\"inLanguage\":\"en-US\"},{\"@type\":\"Organization\",\"@id\":\"https:\/\/laccademia.it\/#organization\",\"name\":\"L'A Gourmet L'Accademia\",\"url\":\"https:\/\/laccademia.it\/\",\"logo\":{\"@type\":\"ImageObject\",\"inLanguage\":\"en-US\",\"@id\":\"https:\/\/laccademia.it\/#\/schema\/logo\/image\/\",\"url\":\"https:\/\/laccademia.it\/wp-content\/uploads\/2020\/10\/LA_gourmet_logo.png\",\"contentUrl\":\"https:\/\/laccademia.it\/wp-content\/uploads\/2020\/10\/LA_gourmet_logo.png\",\"width\":142,\"height\":141,\"caption\":\"L'A Gourmet L'Accademia\"},\"image\":{\"@id\":\"https:\/\/laccademia.it\/#\/schema\/logo\/image\/\"},\"sameAs\":[\"https:\/\/www.facebook.com\/lagourmet.laccademia\",\"https:\/\/x.com\/f_cogliandro\",\"https:\/\/www.instagram.com\/accademiagourmet\/\"]}]}<\/script>\n<!-- \/ Yoast SEO plugin. -->","yoast_head_json":{"title":"Event L' A Cena Dal\u00ec (The Dal\u00ec Dinner)","description":"Event L' A Cena Dal\u00ec (The Dal\u00ec Dinner) The recipes of Salvador Dal\u00ec, reinterpreted by chef Filippo Cogliandro with flavors and smells of our Territory.","robots":{"index":"index","follow":"follow","max-snippet":"max-snippet:-1","max-image-preview":"max-image-preview:large","max-video-preview":"max-video-preview:-1"},"canonical":"https:\/\/laccademia.it\/event-l-a-cena-dali-the-dali-dinner\/","og_locale":"en_US","og_type":"article","og_title":"Event L' A Cena Dal\u00ec (The Dal\u00ec Dinner)","og_description":"Event L' A Cena Dal\u00ec (The Dal\u00ec Dinner) The recipes of Salvador Dal\u00ec, reinterpreted by chef Filippo Cogliandro with flavors and smells of our Territory.","og_url":"https:\/\/laccademia.it\/event-l-a-cena-dali-the-dali-dinner\/","og_site_name":"L&#039;A Gourmet L&#039;Accademia","article_publisher":"https:\/\/www.facebook.com\/lagourmet.laccademia","og_image":[{"width":1200,"height":581,"url":"https:\/\/laccademia.it\/wp-content\/uploads\/2021\/05\/a-gourmet.jpg","type":"image\/jpeg"}],"twitter_card":"summary_large_image","twitter_site":"@f_cogliandro","schema":{"@context":"https:\/\/schema.org","@graph":[{"@type":"WebPage","@id":"https:\/\/laccademia.it\/event-l-a-cena-dali-the-dali-dinner\/","url":"https:\/\/laccademia.it\/event-l-a-cena-dali-the-dali-dinner\/","name":"Event L' A Cena Dal\u00ec (The Dal\u00ec Dinner)","isPartOf":{"@id":"https:\/\/laccademia.it\/#website"},"primaryImageOfPage":{"@id":"https:\/\/laccademia.it\/event-l-a-cena-dali-the-dali-dinner\/#primaryimage"},"image":{"@id":"https:\/\/laccademia.it\/event-l-a-cena-dali-the-dali-dinner\/#primaryimage"},"thumbnailUrl":"https:\/\/laccademia.it\/wp-content\/uploads\/2021\/01\/spaghetti-pomodorini.jpg","datePublished":"2022-10-26T08:02:12+00:00","description":"Event L' A Cena Dal\u00ec (The Dal\u00ec Dinner) The recipes of Salvador Dal\u00ec, reinterpreted by chef Filippo Cogliandro with flavors and smells of our Territory.","breadcrumb":{"@id":"https:\/\/laccademia.it\/event-l-a-cena-dali-the-dali-dinner\/#breadcrumb"},"inLanguage":"en-US","potentialAction":[{"@type":"ReadAction","target":["https:\/\/laccademia.it\/event-l-a-cena-dali-the-dali-dinner\/"]}]},{"@type":"ImageObject","inLanguage":"en-US","@id":"https:\/\/laccademia.it\/event-l-a-cena-dali-the-dali-dinner\/#primaryimage","url":"https:\/\/laccademia.it\/wp-content\/uploads\/2021\/01\/spaghetti-pomodorini.jpg","contentUrl":"https:\/\/laccademia.it\/wp-content\/uploads\/2021\/01\/spaghetti-pomodorini.jpg","width":1440,"height":960},{"@type":"BreadcrumbList","@id":"https:\/\/laccademia.it\/event-l-a-cena-dali-the-dali-dinner\/#breadcrumb","itemListElement":[{"@type":"ListItem","position":1,"name":"Home","item":"https:\/\/laccademia.it\/en\/"},{"@type":"ListItem","position":2,"name":"Event L&#8217; A Cena Dal\u00ec (The Dal\u00ec Dinner)"}]},{"@type":"WebSite","@id":"https:\/\/laccademia.it\/#website","url":"https:\/\/laccademia.it\/","name":"L&#039;A Gourmet L&#039;Accademia","description":"","publisher":{"@id":"https:\/\/laccademia.it\/#organization"},"potentialAction":[{"@type":"SearchAction","target":{"@type":"EntryPoint","urlTemplate":"https:\/\/laccademia.it\/?s={search_term_string}"},"query-input":{"@type":"PropertyValueSpecification","valueRequired":true,"valueName":"search_term_string"}}],"inLanguage":"en-US"},{"@type":"Organization","@id":"https:\/\/laccademia.it\/#organization","name":"L'A Gourmet L'Accademia","url":"https:\/\/laccademia.it\/","logo":{"@type":"ImageObject","inLanguage":"en-US","@id":"https:\/\/laccademia.it\/#\/schema\/logo\/image\/","url":"https:\/\/laccademia.it\/wp-content\/uploads\/2020\/10\/LA_gourmet_logo.png","contentUrl":"https:\/\/laccademia.it\/wp-content\/uploads\/2020\/10\/LA_gourmet_logo.png","width":142,"height":141,"caption":"L'A Gourmet L'Accademia"},"image":{"@id":"https:\/\/laccademia.it\/#\/schema\/logo\/image\/"},"sameAs":["https:\/\/www.facebook.com\/lagourmet.laccademia","https:\/\/x.com\/f_cogliandro","https:\/\/www.instagram.com\/accademiagourmet\/"]}]}},"_links":{"self":[{"href":"https:\/\/laccademia.it\/en\/wp-json\/wp\/v2\/pages\/7862"}],"collection":[{"href":"https:\/\/laccademia.it\/en\/wp-json\/wp\/v2\/pages"}],"about":[{"href":"https:\/\/laccademia.it\/en\/wp-json\/wp\/v2\/types\/page"}],"author":[{"embeddable":true,"href":"https:\/\/laccademia.it\/en\/wp-json\/wp\/v2\/users\/12"}],"replies":[{"embeddable":true,"href":"https:\/\/laccademia.it\/en\/wp-json\/wp\/v2\/comments?post=7862"}],"version-history":[{"count":0,"href":"https:\/\/laccademia.it\/en\/wp-json\/wp\/v2\/pages\/7862\/revisions"}],"wp:featuredmedia":[{"embeddable":true,"href":"https:\/\/laccademia.it\/en\/wp-json\/wp\/v2\/media\/7727"}],"wp:attachment":[{"href":"https:\/\/laccademia.it\/en\/wp-json\/wp\/v2\/media?parent=7862"}],"curies":[{"name":"wp","href":"https:\/\/api.w.org\/{rel}","templated":true}]}}